{"id":11082,"date":"2023-01-18T09:41:10","date_gmt":"2023-01-18T09:41:10","guid":{"rendered":"https:\/\/manjobs.ch\/job\/nutzfahrzeug-ag-zentralschweiz-emmen-vollzeit-lehrstelle-automobil-mechatroniker-in-efz-fachrichtung-nutzfahrzeuge\/"},"modified":"2025-03-21T07:56:14","modified_gmt":"2025-03-21T07:56:14","slug":"nutzfahrzeug-ag-zentralschweiz-emmen-vollzeit-lehrstelle-automobil-mechatroniker-in-efz-fachrichtung-nutzfahrzeuge","status":"publish","type":"job_listing","link":"https:\/\/manjobs.ch\/it\/lavoro\/nutzfahrzeug-ag-zentralschweiz-emmen-vollzeit-lehrstelle-automobil-mechatroniker-in-efz-fachrichtung-nutzfahrzeuge\/","title":{"rendered":"Lehrstelle Automobil-Mechatroniker\/in EFZ Fachrichtung Nutzfahrzeuge &#8211; Lehrbeginn August 2026"},"content":{"rendered":"<p>Was 1840 mit einem Mitarbeitenden begann, wird bereits in der vierten Generation unternehmerisch betrieben und nachhaltig ausgebaut. Heute ist die Nutzfahrzeug AG Zentralschweiz von zwei Standorten aus t\u00e4tig: Emmen und K\u00e4giswil.<\/p>\n<p>In unserem Betrieb <strong>Emmen<\/strong> haben wir auf Sommer 2026 diese Lehrstelle frei:<\/p>\n<h3><strong>Automobil-Mechatroniker\/in EFZ Fachrichtung Nutzfahrzeuge<\/strong><\/h3>\n<p>&nbsp;<\/p>\n<p><strong>T\u00e4tigkeiten<\/strong><\/p>\n<p>Automobil-Mechatroniker\/innen f\u00fchren an Nutzfahrzeugen mit Verbrennungsmotoren und mit alternativen Antriebskonzepten Systempr\u00fcfungen sowie an mechatronischen Systemen Diagnosearbeiten durch. Zudem \u00fcbernehmen sie Wartungs- und Reparaturarbeiten an den Fahrzeugsystemen. Diese Systeme umfassen Fahrwerk, Motor und Antrieb sowie Elektrik-, Elektronik-, Komfort- und Sicherheitssysteme. Bei Nutzfahrzeugen werden zus\u00e4tzlich Druckluftsysteme \u00fcberpr\u00fcft und programmiert sowie unter anderem Anh\u00e4ngerlenksysteme und das Luftfederungssystem diagnostiziert.<\/p>\n<p><strong><br \/>\nAusbildung<\/strong><\/p>\n<ul>\n<li>4 Jahre Lehrzeit<strong><br \/>\n<\/strong><\/li>\n<li>1 \u2013 1,5 Tage Berufsschule pro Woche<\/li>\n<li>68 Tage \u00fcberbetriebliche Kurse w\u00e4hrend der Lehre<\/li>\n<\/ul>\n<p><strong><br \/>\nSie enth\u00e4lt folgende f\u00fcnf Handlungskompetenzbereiche<\/strong><\/p>\n<ul>\n<li>Pr\u00fcfung und Wartung von Fahrzeugen<\/li>\n<li>Austausch von Verschleissteilen<\/li>\n<li>Unterst\u00fctzung von betrieblichen Abl\u00e4ufen<\/li>\n<li>\u00dcberpr\u00fcfung und Reparatur von Systemen<\/li>\n<li>Diagnostizieren mechatronischer Systeme<\/li>\n<\/ul>\n<p>Eine Schnupperlehre ist erw\u00fcnscht!<\/p>\n","protected":false},"author":59,"featured_media":0,"comment_status":"closed","ping_status":"closed","template":"","job_listing_type":[249],"job_listing_category":[233],"job_listing_location":[165],"job_listing_tag":[],"class_list":["post-11082","job_listing","type-job_listing","status-publish","hentry","job_listing_type-a-tempo-pieno","job_listing_category-apprendistato","job_listing_location-emmen"],"yoast_head":"<!-- This site is optimized with the Yoast SEO plugin v23.3 - https:\/\/yoast.com\/wordpress\/plugins\/seo\/ -->\n<title>Lehrstelle Automobil-Mechatroniker\/in EFZ Fachrichtung Nutzfahrzeuge - Lehrbeginn August 2026 - Lavoro | MAN Jobs<\/title>\n<meta name=\"robots\" content=\"index, follow, max-snippet:-1, max-image-preview:large, max-video-preview:-1\" \/>\n<link rel=\"canonical\" href=\"https:\/\/manjobs.ch\/it\/lavoro\/nutzfahrzeug-ag-zentralschweiz-emmen-vollzeit-lehrstelle-automobil-mechatroniker-in-efz-fachrichtung-nutzfahrzeuge\/\" \/>\n<meta property=\"og:locale\" content=\"it_IT\" \/>\n<meta property=\"og:type\" content=\"article\" \/>\n<meta property=\"og:title\" content=\"Lehrstelle Automobil-Mechatroniker\/in EFZ Fachrichtung Nutzfahrzeuge - Lehrbeginn August 2026 - Lavoro | MAN Jobs\" \/>\n<meta property=\"og:description\" content=\"Was 1840 mit einem Mitarbeitenden begann, wird bereits in der vierten Generation unternehmerisch betrieben und nachhaltig ausgebaut. Heute ist die Nutzfahrzeug AG Zentralschweiz von zwei Standorten aus t\u00e4tig: Emmen und K\u00e4giswil. In unserem Betrieb Emmen haben wir auf Sommer 2026 diese Lehrstelle frei: Automobil-Mechatroniker\/in EFZ Fachrichtung Nutzfahrzeuge &nbsp; T\u00e4tigkeiten Automobil-Mechatroniker\/innen f\u00fchren an Nutzfahrzeugen mit Verbrennungsmotoren [&hellip;]\" \/>\n<meta property=\"og:url\" content=\"https:\/\/manjobs.ch\/it\/lavoro\/nutzfahrzeug-ag-zentralschweiz-emmen-vollzeit-lehrstelle-automobil-mechatroniker-in-efz-fachrichtung-nutzfahrzeuge\/\" \/>\n<meta property=\"og:site_name\" content=\"MAN Jobs\" \/>\n<meta property=\"article:publisher\" content=\"https:\/\/www.facebook.com\/mantruckandbusschweiz\/\" \/>\n<meta property=\"article:modified_time\" content=\"2025-03-21T07:56:14+00:00\" \/>\n<meta name=\"twitter:card\" content=\"summary_large_image\" \/>\n<meta name=\"twitter:label1\" content=\"Tempo di lettura stimato\" \/>\n\t<meta name=\"twitter:data1\" content=\"1 minuto\" \/>\n<script type=\"application\/ld+json\" class=\"yoast-schema-graph\">{\"@context\":\"https:\/\/schema.org\",\"@graph\":[{\"@type\":\"WebPage\",\"@id\":\"https:\/\/manjobs.ch\/it\/lavoro\/nutzfahrzeug-ag-zentralschweiz-emmen-vollzeit-lehrstelle-automobil-mechatroniker-in-efz-fachrichtung-nutzfahrzeuge\/\",\"url\":\"https:\/\/manjobs.ch\/it\/lavoro\/nutzfahrzeug-ag-zentralschweiz-emmen-vollzeit-lehrstelle-automobil-mechatroniker-in-efz-fachrichtung-nutzfahrzeuge\/\",\"name\":\"Lehrstelle Automobil-Mechatroniker\/in EFZ Fachrichtung Nutzfahrzeuge - Lehrbeginn August 2026 - Lavoro | MAN Jobs\",\"isPartOf\":{\"@id\":\"https:\/\/manjobs.ch\/it\/#website\"},\"datePublished\":\"2023-01-18T09:41:10+00:00\",\"dateModified\":\"2025-03-21T07:56:14+00:00\",\"breadcrumb\":{\"@id\":\"https:\/\/manjobs.ch\/it\/lavoro\/nutzfahrzeug-ag-zentralschweiz-emmen-vollzeit-lehrstelle-automobil-mechatroniker-in-efz-fachrichtung-nutzfahrzeuge\/#breadcrumb\"},\"inLanguage\":\"it-IT\",\"potentialAction\":[{\"@type\":\"ReadAction\",\"target\":[\"https:\/\/manjobs.ch\/it\/lavoro\/nutzfahrzeug-ag-zentralschweiz-emmen-vollzeit-lehrstelle-automobil-mechatroniker-in-efz-fachrichtung-nutzfahrzeuge\/\"]}]},{\"@type\":\"BreadcrumbList\",\"@id\":\"https:\/\/manjobs.ch\/it\/lavoro\/nutzfahrzeug-ag-zentralschweiz-emmen-vollzeit-lehrstelle-automobil-mechatroniker-in-efz-fachrichtung-nutzfahrzeuge\/#breadcrumb\",\"itemListElement\":[{\"@type\":\"ListItem\",\"position\":1,\"name\":\"Homepage\",\"item\":\"https:\/\/manjobs.ch\/it\/\"},{\"@type\":\"ListItem\",\"position\":2,\"name\":\"Lavori\",\"item\":\"https:\/\/manjobs.ch\/it\/lavoro\/\"},{\"@type\":\"ListItem\",\"position\":3,\"name\":\"Lehrstelle Automobil-Mechatroniker\/in EFZ Fachrichtung Nutzfahrzeuge &#8211; Lehrbeginn August 2026\"}]},{\"@type\":\"WebSite\",\"@id\":\"https:\/\/manjobs.ch\/it\/#website\",\"url\":\"https:\/\/manjobs.ch\/it\/\",\"name\":\"MAN Jobs\",\"description\":\"Profis arbeiten f\u00fcr Profis.\",\"publisher\":{\"@id\":\"https:\/\/manjobs.ch\/it\/#organization\"},\"potentialAction\":[{\"@type\":\"SearchAction\",\"target\":{\"@type\":\"EntryPoint\",\"urlTemplate\":\"https:\/\/manjobs.ch\/it\/?s={search_term_string}\"},\"query-input\":\"required name=search_term_string\"}],\"inLanguage\":\"it-IT\"},{\"@type\":\"Organization\",\"@id\":\"https:\/\/manjobs.ch\/it\/#organization\",\"name\":\"MAN Jobs\",\"url\":\"https:\/\/manjobs.ch\/it\/\",\"logo\":{\"@type\":\"ImageObject\",\"inLanguage\":\"it-IT\",\"@id\":\"https:\/\/manjobs.ch\/it\/#\/schema\/logo\/image\/\",\"url\":\"https:\/\/manjobs.ch\/wp-content\/uploads\/2022\/11\/csm_019_man_auf_einen_blick_800x544_sidephoto_1_99b81d867e.webp\",\"contentUrl\":\"https:\/\/manjobs.ch\/wp-content\/uploads\/2022\/11\/csm_019_man_auf_einen_blick_800x544_sidephoto_1_99b81d867e.webp\",\"width\":1280,\"height\":853,\"caption\":\"MAN Jobs\"},\"image\":{\"@id\":\"https:\/\/manjobs.ch\/it\/#\/schema\/logo\/image\/\"},\"sameAs\":[\"https:\/\/www.facebook.com\/mantruckandbusschweiz\/\",\"https:\/\/www.youtube.com\/@mantruckandbusschweiz\",\"https:\/\/www.instagram.com\/mantruckandbus_schweiz\/\"]}]}<\/script>\n<!-- \/ Yoast SEO plugin. -->","yoast_head_json":{"title":"Lehrstelle Automobil-Mechatroniker\/in EFZ Fachrichtung Nutzfahrzeuge - Lehrbeginn August 2026 - Lavoro | MAN Jobs","robots":{"index":"index","follow":"follow","max-snippet":"max-snippet:-1","max-image-preview":"max-image-preview:large","max-video-preview":"max-video-preview:-1"},"canonical":"https:\/\/manjobs.ch\/it\/lavoro\/nutzfahrzeug-ag-zentralschweiz-emmen-vollzeit-lehrstelle-automobil-mechatroniker-in-efz-fachrichtung-nutzfahrzeuge\/","og_locale":"it_IT","og_type":"article","og_title":"Lehrstelle Automobil-Mechatroniker\/in EFZ Fachrichtung Nutzfahrzeuge - Lehrbeginn August 2026 - Lavoro | MAN Jobs","og_description":"Was 1840 mit einem Mitarbeitenden begann, wird bereits in der vierten Generation unternehmerisch betrieben und nachhaltig ausgebaut. Heute ist die Nutzfahrzeug AG Zentralschweiz von zwei Standorten aus t\u00e4tig: Emmen und K\u00e4giswil. In unserem Betrieb Emmen haben wir auf Sommer 2026 diese Lehrstelle frei: Automobil-Mechatroniker\/in EFZ Fachrichtung Nutzfahrzeuge &nbsp; T\u00e4tigkeiten Automobil-Mechatroniker\/innen f\u00fchren an Nutzfahrzeugen mit Verbrennungsmotoren [&hellip;]","og_url":"https:\/\/manjobs.ch\/it\/lavoro\/nutzfahrzeug-ag-zentralschweiz-emmen-vollzeit-lehrstelle-automobil-mechatroniker-in-efz-fachrichtung-nutzfahrzeuge\/","og_site_name":"MAN Jobs","article_publisher":"https:\/\/www.facebook.com\/mantruckandbusschweiz\/","article_modified_time":"2025-03-21T07:56:14+00:00","twitter_card":"summary_large_image","twitter_misc":{"Tempo di lettura stimato":"1 minuto"},"schema":{"@context":"https:\/\/schema.org","@graph":[{"@type":"WebPage","@id":"https:\/\/manjobs.ch\/it\/lavoro\/nutzfahrzeug-ag-zentralschweiz-emmen-vollzeit-lehrstelle-automobil-mechatroniker-in-efz-fachrichtung-nutzfahrzeuge\/","url":"https:\/\/manjobs.ch\/it\/lavoro\/nutzfahrzeug-ag-zentralschweiz-emmen-vollzeit-lehrstelle-automobil-mechatroniker-in-efz-fachrichtung-nutzfahrzeuge\/","name":"Lehrstelle Automobil-Mechatroniker\/in EFZ Fachrichtung Nutzfahrzeuge - Lehrbeginn August 2026 - Lavoro | MAN Jobs","isPartOf":{"@id":"https:\/\/manjobs.ch\/it\/#website"},"datePublished":"2023-01-18T09:41:10+00:00","dateModified":"2025-03-21T07:56:14+00:00","breadcrumb":{"@id":"https:\/\/manjobs.ch\/it\/lavoro\/nutzfahrzeug-ag-zentralschweiz-emmen-vollzeit-lehrstelle-automobil-mechatroniker-in-efz-fachrichtung-nutzfahrzeuge\/#breadcrumb"},"inLanguage":"it-IT","potentialAction":[{"@type":"ReadAction","target":["https:\/\/manjobs.ch\/it\/lavoro\/nutzfahrzeug-ag-zentralschweiz-emmen-vollzeit-lehrstelle-automobil-mechatroniker-in-efz-fachrichtung-nutzfahrzeuge\/"]}]},{"@type":"BreadcrumbList","@id":"https:\/\/manjobs.ch\/it\/lavoro\/nutzfahrzeug-ag-zentralschweiz-emmen-vollzeit-lehrstelle-automobil-mechatroniker-in-efz-fachrichtung-nutzfahrzeuge\/#breadcrumb","itemListElement":[{"@type":"ListItem","position":1,"name":"Homepage","item":"https:\/\/manjobs.ch\/it\/"},{"@type":"ListItem","position":2,"name":"Lavori","item":"https:\/\/manjobs.ch\/it\/lavoro\/"},{"@type":"ListItem","position":3,"name":"Lehrstelle Automobil-Mechatroniker\/in EFZ Fachrichtung Nutzfahrzeuge &#8211; Lehrbeginn August 2026"}]},{"@type":"WebSite","@id":"https:\/\/manjobs.ch\/it\/#website","url":"https:\/\/manjobs.ch\/it\/","name":"MAN Jobs","description":"Profis arbeiten f\u00fcr Profis.","publisher":{"@id":"https:\/\/manjobs.ch\/it\/#organization"},"potentialAction":[{"@type":"SearchAction","target":{"@type":"EntryPoint","urlTemplate":"https:\/\/manjobs.ch\/it\/?s={search_term_string}"},"query-input":"required name=search_term_string"}],"inLanguage":"it-IT"},{"@type":"Organization","@id":"https:\/\/manjobs.ch\/it\/#organization","name":"MAN Jobs","url":"https:\/\/manjobs.ch\/it\/","logo":{"@type":"ImageObject","inLanguage":"it-IT","@id":"https:\/\/manjobs.ch\/it\/#\/schema\/logo\/image\/","url":"https:\/\/manjobs.ch\/wp-content\/uploads\/2022\/11\/csm_019_man_auf_einen_blick_800x544_sidephoto_1_99b81d867e.webp","contentUrl":"https:\/\/manjobs.ch\/wp-content\/uploads\/2022\/11\/csm_019_man_auf_einen_blick_800x544_sidephoto_1_99b81d867e.webp","width":1280,"height":853,"caption":"MAN Jobs"},"image":{"@id":"https:\/\/manjobs.ch\/it\/#\/schema\/logo\/image\/"},"sameAs":["https:\/\/www.facebook.com\/mantruckandbusschweiz\/","https:\/\/www.youtube.com\/@mantruckandbusschweiz","https:\/\/www.instagram.com\/mantruckandbus_schweiz\/"]}]}},"metas":{"job-bannerbild":"Kein Bild","lehrstelle-bannerbild":"Mechatronikerin","_job_category":{"233":"Apprendistato"},"_job_type":{"249":"A tempo pieno"},"_job_location":{"165":"Emmen"},"_job_map_location":{"address":"Hasliring 18, Emmen, Schweiz","latitude":"47.0862123","longitude":"8.3106493"},"_job_application_deadline_date":"","_job_apply_type":"with_email","_job_apply_email":"bewerbung@nufag-zentralschweiz.ch","_job_logo":"https:\/\/manjobs.ch\/wp-content\/uploads\/2022\/11\/NUFAG-150x150.jpg","_job_employer_name":"Nutzfahrzeug AG Zentralschweiz","_job_employer_url":"https:\/\/manjobs.ch\/it\/arbeitgeber\/nutzfahrzeug-ag-zentralschweiz-emmen\/"},"_links":{"self":[{"href":"https:\/\/manjobs.ch\/it\/wp-json\/wp\/v2\/job_listing\/11082"}],"collection":[{"href":"https:\/\/manjobs.ch\/it\/wp-json\/wp\/v2\/job_listing"}],"about":[{"href":"https:\/\/manjobs.ch\/it\/wp-json\/wp\/v2\/types\/job_listing"}],"author":[{"embeddable":true,"href":"https:\/\/manjobs.ch\/it\/wp-json\/wp\/v2\/users\/59"}],"replies":[{"embeddable":true,"href":"https:\/\/manjobs.ch\/it\/wp-json\/wp\/v2\/comments?post=11082"}],"wp:attachment":[{"href":"https:\/\/manjobs.ch\/it\/wp-json\/wp\/v2\/media?parent=11082"}],"wp:term":[{"taxonomy":"job_listing_type","embeddable":true,"href":"https:\/\/manjobs.ch\/it\/wp-json\/wp\/v2\/job_listing_type?post=11082"},{"taxonomy":"job_listing_category","embeddable":true,"href":"https:\/\/manjobs.ch\/it\/wp-json\/wp\/v2\/job_listing_category?post=11082"},{"taxonomy":"job_listing_location","embeddable":true,"href":"https:\/\/manjobs.ch\/it\/wp-json\/wp\/v2\/job_listing_location?post=11082"},{"taxonomy":"job_listing_tag","embeddable":true,"href":"https:\/\/manjobs.ch\/it\/wp-json\/wp\/v2\/job_listing_tag?post=11082"}],"curies":[{"name":"wp","href":"https:\/\/api.w.org\/{rel}","templated":true}]}}