{"id":11661,"date":"2023-08-11T05:33:34","date_gmt":"2023-08-11T05:33:34","guid":{"rendered":"https:\/\/manjobs.ch\/?post_type=job_listing&#038;p=11661"},"modified":"2025-10-20T09:39:20","modified_gmt":"2025-10-20T09:39:20","slug":"alfag-egerkingen-ag-egerkingen-vollzeit-lehrstelle-automobil-fachmann-fachrichtung-nutzfahrzeuge-m-w-lehrbeginn-august-2024","status":"publish","type":"job_listing","link":"https:\/\/manjobs.ch\/it\/lavoro\/alfag-egerkingen-ag-egerkingen-vollzeit-lehrstelle-automobil-fachmann-fachrichtung-nutzfahrzeuge-m-w-lehrbeginn-august-2024\/","title":{"rendered":"Lehrstelle Automobil-Fachmann Fachrichtung Nutzfahrzeuge (m\/w) Lehrbeginn August 2027"},"content":{"rendered":"<p>T\u00e4tigkeiten: Wo man t\u00e4glich einen Gang zulegen kann<br \/>\nAutomobil-Fachm\u00e4nner erledigen selbstst\u00e4ndig Service- und Unterhaltsarbeiten in ihrem Gebiet:<\/p>\n<p>Am Motor: Schmierung, K\u00fchlung, Motorsteuerung, Kraftstoffanlage und Gemischbildung, Abgasanlage, Abgaswartung an Benzin- und Dieselmotoren, Fehler und Daten mit Testger\u00e4ten auslesen.<br \/>\nAm Antrieb: Getriebe, Kupplung, Achsantrieb und Allradantrieb.<br \/>\nAm Fahrwerk: R\u00e4der und Reifen, Federung und D\u00e4mpfung, Lenkung und Radaufh\u00e4ngung, Bremsen.<br \/>\nAn der elektrischen Anlage: Batterien, Ladeanlage, Z\u00fcndanlage, Beleuchtung,<br \/>\nKomfort- und Sicherheitseinrichtungen.<br \/>\nEbenfalls selbstst\u00e4ndig werden Reparaturen ausgef\u00fchrt:<\/p>\n<p>Am Motor: Abdichten, Zylinderkopf, Aufladesystemen, Abgasanlagen, Kaltstartsystemen bei Dieselmotoren.<br \/>\nAm Antrieb: Kupplung ersetzen, mechanische und automatische Getriebe sowie Gelenk- und Antriebswellen aus- und einbauen.<br \/>\nAm Fahrwerk: Achsvermessung und Einstellarbeiten, Bremsen auf dem Pr\u00fcfstand pr\u00fcfen und n\u00f6tige Reparaturen ausf\u00fchren. Kipp-, Hub- und Ladeeinrichtungen pr\u00fcfen und warten, Bauteile der pneumatischen und elektropneumatischen Luftfederung aus- und einbauen und ersetzen.<br \/>\nAn der elektrischen Anlage: Beleuchtung, Zusatzbeleuchtungen und Anh\u00e4ngersteckdosen, Klimaanlagen warten, Fehlerspeicher an Komfort- und Sicherheitseinrichtungen mit Testger\u00e4ten auslesen, Daten\u00fcbermittlungssysteme (Transponder, Ultraschall, Infrarot und Funk) programmieren.<br \/>\nZudem f\u00fchren Automobil-Fachm\u00e4nner selbstst\u00e4ndig Schweissarbeiten aus. Sie sind f\u00e4hig, mit Kunden situationsgerecht zu kommunizieren und kennen die Betriebsabl\u00e4ufe im Kundendienst. Aufgrund von Mustern und Fahrzeugdaten bestimmen sie mit PC-Programmen Ersatzteilnummern. Sie kennen die Sicherheitsvorschriften und das Verhalten bei Unf\u00e4llen, die Umweltschutz-Vorschriften und wissen, wie man in der praktischen und administrativen Arbeit umweltbelastende Materialien entsorgt und wiederverwertet.<\/p>\n<p>Abschluss: Die Auszeichnung f\u00fcr drei Jahre Ausbildung<br \/>\nWer das Qualit\u00e4tsverfahren erfolgreich bestanden hat, erh\u00e4lt ein eidgen\u00f6ssisches F\u00e4higkeitszeugnis (EFZ) und ist berechtigt, den gesetzlich gesch\u00fctzten Titel \u00abAutomobil-Fachmann\/-frau Nutzfahrzeuge EFZ\u00bb zu f\u00fchren.<\/p>\n","protected":false},"author":72,"featured_media":0,"comment_status":"closed","ping_status":"closed","template":"","job_listing_type":[249],"job_listing_category":[233],"job_listing_location":[226],"job_listing_tag":[],"class_list":["post-11661","job_listing","type-job_listing","status-publish","hentry","job_listing_type-a-tempo-pieno","job_listing_category-apprendistato","job_listing_location-egerkingen"],"yoast_head":"<!-- This site is optimized with the Yoast SEO plugin v23.3 - https:\/\/yoast.com\/wordpress\/plugins\/seo\/ -->\n<title>Lehrstelle Automobil-Fachmann Fachrichtung Nutzfahrzeuge (m\/w) Lehrbeginn August 2027 - Lavoro | MAN Jobs<\/title>\n<meta name=\"robots\" content=\"index, follow, max-snippet:-1, max-image-preview:large, max-video-preview:-1\" \/>\n<link rel=\"canonical\" href=\"https:\/\/manjobs.ch\/it\/lavoro\/alfag-egerkingen-ag-egerkingen-vollzeit-lehrstelle-automobil-fachmann-fachrichtung-nutzfahrzeuge-m-w-lehrbeginn-august-2024\/\" \/>\n<meta property=\"og:locale\" content=\"it_IT\" \/>\n<meta property=\"og:type\" content=\"article\" \/>\n<meta property=\"og:title\" content=\"Lehrstelle Automobil-Fachmann Fachrichtung Nutzfahrzeuge (m\/w) Lehrbeginn August 2027 - Lavoro | MAN Jobs\" \/>\n<meta property=\"og:description\" content=\"T\u00e4tigkeiten: Wo man t\u00e4glich einen Gang zulegen kann Automobil-Fachm\u00e4nner erledigen selbstst\u00e4ndig Service- und Unterhaltsarbeiten in ihrem Gebiet: Am Motor: Schmierung, K\u00fchlung, Motorsteuerung, Kraftstoffanlage und Gemischbildung, Abgasanlage, Abgaswartung an Benzin- und Dieselmotoren, Fehler und Daten mit Testger\u00e4ten auslesen. Am Antrieb: Getriebe, Kupplung, Achsantrieb und Allradantrieb. Am Fahrwerk: R\u00e4der und Reifen, Federung und D\u00e4mpfung, Lenkung und Radaufh\u00e4ngung, [&hellip;]\" \/>\n<meta property=\"og:url\" content=\"https:\/\/manjobs.ch\/it\/lavoro\/alfag-egerkingen-ag-egerkingen-vollzeit-lehrstelle-automobil-fachmann-fachrichtung-nutzfahrzeuge-m-w-lehrbeginn-august-2024\/\" \/>\n<meta property=\"og:site_name\" content=\"MAN Jobs\" \/>\n<meta property=\"article:publisher\" content=\"https:\/\/www.facebook.com\/mantruckandbusschweiz\/\" \/>\n<meta property=\"article:modified_time\" content=\"2025-10-20T09:39:20+00:00\" \/>\n<meta name=\"twitter:card\" content=\"summary_large_image\" \/>\n<meta name=\"twitter:label1\" content=\"Tempo di lettura stimato\" \/>\n\t<meta name=\"twitter:data1\" content=\"1 minuto\" \/>\n<script type=\"application\/ld+json\" class=\"yoast-schema-graph\">{\"@context\":\"https:\/\/schema.org\",\"@graph\":[{\"@type\":\"WebPage\",\"@id\":\"https:\/\/manjobs.ch\/it\/lavoro\/alfag-egerkingen-ag-egerkingen-vollzeit-lehrstelle-automobil-fachmann-fachrichtung-nutzfahrzeuge-m-w-lehrbeginn-august-2024\/\",\"url\":\"https:\/\/manjobs.ch\/it\/lavoro\/alfag-egerkingen-ag-egerkingen-vollzeit-lehrstelle-automobil-fachmann-fachrichtung-nutzfahrzeuge-m-w-lehrbeginn-august-2024\/\",\"name\":\"Lehrstelle Automobil-Fachmann Fachrichtung Nutzfahrzeuge (m\/w) Lehrbeginn August 2027 - Lavoro | MAN Jobs\",\"isPartOf\":{\"@id\":\"https:\/\/manjobs.ch\/it\/#website\"},\"datePublished\":\"2023-08-11T05:33:34+00:00\",\"dateModified\":\"2025-10-20T09:39:20+00:00\",\"breadcrumb\":{\"@id\":\"https:\/\/manjobs.ch\/it\/lavoro\/alfag-egerkingen-ag-egerkingen-vollzeit-lehrstelle-automobil-fachmann-fachrichtung-nutzfahrzeuge-m-w-lehrbeginn-august-2024\/#breadcrumb\"},\"inLanguage\":\"it-IT\",\"potentialAction\":[{\"@type\":\"ReadAction\",\"target\":[\"https:\/\/manjobs.ch\/it\/lavoro\/alfag-egerkingen-ag-egerkingen-vollzeit-lehrstelle-automobil-fachmann-fachrichtung-nutzfahrzeuge-m-w-lehrbeginn-august-2024\/\"]}]},{\"@type\":\"BreadcrumbList\",\"@id\":\"https:\/\/manjobs.ch\/it\/lavoro\/alfag-egerkingen-ag-egerkingen-vollzeit-lehrstelle-automobil-fachmann-fachrichtung-nutzfahrzeuge-m-w-lehrbeginn-august-2024\/#breadcrumb\",\"itemListElement\":[{\"@type\":\"ListItem\",\"position\":1,\"name\":\"Homepage\",\"item\":\"https:\/\/manjobs.ch\/it\/\"},{\"@type\":\"ListItem\",\"position\":2,\"name\":\"Lavori\",\"item\":\"https:\/\/manjobs.ch\/it\/lavoro\/\"},{\"@type\":\"ListItem\",\"position\":3,\"name\":\"Lehrstelle Automobil-Fachmann Fachrichtung Nutzfahrzeuge (m\/w) Lehrbeginn August 2027\"}]},{\"@type\":\"WebSite\",\"@id\":\"https:\/\/manjobs.ch\/it\/#website\",\"url\":\"https:\/\/manjobs.ch\/it\/\",\"name\":\"MAN Jobs\",\"description\":\"Profis arbeiten f\u00fcr Profis.\",\"publisher\":{\"@id\":\"https:\/\/manjobs.ch\/it\/#organization\"},\"potentialAction\":[{\"@type\":\"SearchAction\",\"target\":{\"@type\":\"EntryPoint\",\"urlTemplate\":\"https:\/\/manjobs.ch\/it\/?s={search_term_string}\"},\"query-input\":\"required name=search_term_string\"}],\"inLanguage\":\"it-IT\"},{\"@type\":\"Organization\",\"@id\":\"https:\/\/manjobs.ch\/it\/#organization\",\"name\":\"MAN Jobs\",\"url\":\"https:\/\/manjobs.ch\/it\/\",\"logo\":{\"@type\":\"ImageObject\",\"inLanguage\":\"it-IT\",\"@id\":\"https:\/\/manjobs.ch\/it\/#\/schema\/logo\/image\/\",\"url\":\"https:\/\/manjobs.ch\/wp-content\/uploads\/2022\/11\/csm_019_man_auf_einen_blick_800x544_sidephoto_1_99b81d867e.webp\",\"contentUrl\":\"https:\/\/manjobs.ch\/wp-content\/uploads\/2022\/11\/csm_019_man_auf_einen_blick_800x544_sidephoto_1_99b81d867e.webp\",\"width\":1280,\"height\":853,\"caption\":\"MAN Jobs\"},\"image\":{\"@id\":\"https:\/\/manjobs.ch\/it\/#\/schema\/logo\/image\/\"},\"sameAs\":[\"https:\/\/www.facebook.com\/mantruckandbusschweiz\/\",\"https:\/\/www.youtube.com\/@mantruckandbusschweiz\",\"https:\/\/www.instagram.com\/mantruckandbus_schweiz\/\"]}]}<\/script>\n<!-- \/ Yoast SEO plugin. -->","yoast_head_json":{"title":"Lehrstelle Automobil-Fachmann Fachrichtung Nutzfahrzeuge (m\/w) Lehrbeginn August 2027 - Lavoro | MAN Jobs","robots":{"index":"index","follow":"follow","max-snippet":"max-snippet:-1","max-image-preview":"max-image-preview:large","max-video-preview":"max-video-preview:-1"},"canonical":"https:\/\/manjobs.ch\/it\/lavoro\/alfag-egerkingen-ag-egerkingen-vollzeit-lehrstelle-automobil-fachmann-fachrichtung-nutzfahrzeuge-m-w-lehrbeginn-august-2024\/","og_locale":"it_IT","og_type":"article","og_title":"Lehrstelle Automobil-Fachmann Fachrichtung Nutzfahrzeuge (m\/w) Lehrbeginn August 2027 - Lavoro | MAN Jobs","og_description":"T\u00e4tigkeiten: Wo man t\u00e4glich einen Gang zulegen kann Automobil-Fachm\u00e4nner erledigen selbstst\u00e4ndig Service- und Unterhaltsarbeiten in ihrem Gebiet: Am Motor: Schmierung, K\u00fchlung, Motorsteuerung, Kraftstoffanlage und Gemischbildung, Abgasanlage, Abgaswartung an Benzin- und Dieselmotoren, Fehler und Daten mit Testger\u00e4ten auslesen. Am Antrieb: Getriebe, Kupplung, Achsantrieb und Allradantrieb. Am Fahrwerk: R\u00e4der und Reifen, Federung und D\u00e4mpfung, Lenkung und Radaufh\u00e4ngung, [&hellip;]","og_url":"https:\/\/manjobs.ch\/it\/lavoro\/alfag-egerkingen-ag-egerkingen-vollzeit-lehrstelle-automobil-fachmann-fachrichtung-nutzfahrzeuge-m-w-lehrbeginn-august-2024\/","og_site_name":"MAN Jobs","article_publisher":"https:\/\/www.facebook.com\/mantruckandbusschweiz\/","article_modified_time":"2025-10-20T09:39:20+00:00","twitter_card":"summary_large_image","twitter_misc":{"Tempo di lettura stimato":"1 minuto"},"schema":{"@context":"https:\/\/schema.org","@graph":[{"@type":"WebPage","@id":"https:\/\/manjobs.ch\/it\/lavoro\/alfag-egerkingen-ag-egerkingen-vollzeit-lehrstelle-automobil-fachmann-fachrichtung-nutzfahrzeuge-m-w-lehrbeginn-august-2024\/","url":"https:\/\/manjobs.ch\/it\/lavoro\/alfag-egerkingen-ag-egerkingen-vollzeit-lehrstelle-automobil-fachmann-fachrichtung-nutzfahrzeuge-m-w-lehrbeginn-august-2024\/","name":"Lehrstelle Automobil-Fachmann Fachrichtung Nutzfahrzeuge (m\/w) Lehrbeginn August 2027 - Lavoro | MAN Jobs","isPartOf":{"@id":"https:\/\/manjobs.ch\/it\/#website"},"datePublished":"2023-08-11T05:33:34+00:00","dateModified":"2025-10-20T09:39:20+00:00","breadcrumb":{"@id":"https:\/\/manjobs.ch\/it\/lavoro\/alfag-egerkingen-ag-egerkingen-vollzeit-lehrstelle-automobil-fachmann-fachrichtung-nutzfahrzeuge-m-w-lehrbeginn-august-2024\/#breadcrumb"},"inLanguage":"it-IT","potentialAction":[{"@type":"ReadAction","target":["https:\/\/manjobs.ch\/it\/lavoro\/alfag-egerkingen-ag-egerkingen-vollzeit-lehrstelle-automobil-fachmann-fachrichtung-nutzfahrzeuge-m-w-lehrbeginn-august-2024\/"]}]},{"@type":"BreadcrumbList","@id":"https:\/\/manjobs.ch\/it\/lavoro\/alfag-egerkingen-ag-egerkingen-vollzeit-lehrstelle-automobil-fachmann-fachrichtung-nutzfahrzeuge-m-w-lehrbeginn-august-2024\/#breadcrumb","itemListElement":[{"@type":"ListItem","position":1,"name":"Homepage","item":"https:\/\/manjobs.ch\/it\/"},{"@type":"ListItem","position":2,"name":"Lavori","item":"https:\/\/manjobs.ch\/it\/lavoro\/"},{"@type":"ListItem","position":3,"name":"Lehrstelle Automobil-Fachmann Fachrichtung Nutzfahrzeuge (m\/w) Lehrbeginn August 2027"}]},{"@type":"WebSite","@id":"https:\/\/manjobs.ch\/it\/#website","url":"https:\/\/manjobs.ch\/it\/","name":"MAN Jobs","description":"Profis arbeiten f\u00fcr Profis.","publisher":{"@id":"https:\/\/manjobs.ch\/it\/#organization"},"potentialAction":[{"@type":"SearchAction","target":{"@type":"EntryPoint","urlTemplate":"https:\/\/manjobs.ch\/it\/?s={search_term_string}"},"query-input":"required name=search_term_string"}],"inLanguage":"it-IT"},{"@type":"Organization","@id":"https:\/\/manjobs.ch\/it\/#organization","name":"MAN Jobs","url":"https:\/\/manjobs.ch\/it\/","logo":{"@type":"ImageObject","inLanguage":"it-IT","@id":"https:\/\/manjobs.ch\/it\/#\/schema\/logo\/image\/","url":"https:\/\/manjobs.ch\/wp-content\/uploads\/2022\/11\/csm_019_man_auf_einen_blick_800x544_sidephoto_1_99b81d867e.webp","contentUrl":"https:\/\/manjobs.ch\/wp-content\/uploads\/2022\/11\/csm_019_man_auf_einen_blick_800x544_sidephoto_1_99b81d867e.webp","width":1280,"height":853,"caption":"MAN Jobs"},"image":{"@id":"https:\/\/manjobs.ch\/it\/#\/schema\/logo\/image\/"},"sameAs":["https:\/\/www.facebook.com\/mantruckandbusschweiz\/","https:\/\/www.youtube.com\/@mantruckandbusschweiz","https:\/\/www.instagram.com\/mantruckandbus_schweiz\/"]}]}},"metas":{"job-bannerbild":"Kein Bild","lehrstelle-bannerbild":"Mechatroniker","_job_category":{"233":"Apprendistato"},"_job_type":{"249":"A tempo pieno"},"_job_location":{"226":"Egerkingen"},"_job_map_location":{"address":"ALFAG Egerkingen AG, Industriestrasse, Egerkingen, Schweiz","latitude":"47.3165464","longitude":"7.797013799999999"},"_job_application_deadline_date":"2026-07-31","_job_apply_type":"with_email","_job_apply_email":"lehrstellen@alfag-egerkingen.ch","_job_logo":"https:\/\/manjobs.ch\/wp-content\/uploads\/2023\/02\/alfag-egerkingen-150x150.jpeg","_job_employer_name":"ALFAG Egerkingen AG","_job_employer_url":"https:\/\/manjobs.ch\/it\/arbeitgeber\/alfag-egerkingen-ag\/"},"_links":{"self":[{"href":"https:\/\/manjobs.ch\/it\/wp-json\/wp\/v2\/job_listing\/11661"}],"collection":[{"href":"https:\/\/manjobs.ch\/it\/wp-json\/wp\/v2\/job_listing"}],"about":[{"href":"https:\/\/manjobs.ch\/it\/wp-json\/wp\/v2\/types\/job_listing"}],"author":[{"embeddable":true,"href":"https:\/\/manjobs.ch\/it\/wp-json\/wp\/v2\/users\/72"}],"replies":[{"embeddable":true,"href":"https:\/\/manjobs.ch\/it\/wp-json\/wp\/v2\/comments?post=11661"}],"wp:attachment":[{"href":"https:\/\/manjobs.ch\/it\/wp-json\/wp\/v2\/media?parent=11661"}],"wp:term":[{"taxonomy":"job_listing_type","embeddable":true,"href":"https:\/\/manjobs.ch\/it\/wp-json\/wp\/v2\/job_listing_type?post=11661"},{"taxonomy":"job_listing_category","embeddable":true,"href":"https:\/\/manjobs.ch\/it\/wp-json\/wp\/v2\/job_listing_category?post=11661"},{"taxonomy":"job_listing_location","embeddable":true,"href":"https:\/\/manjobs.ch\/it\/wp-json\/wp\/v2\/job_listing_location?post=11661"},{"taxonomy":"job_listing_tag","embeddable":true,"href":"https:\/\/manjobs.ch\/it\/wp-json\/wp\/v2\/job_listing_tag?post=11661"}],"curies":[{"name":"wp","href":"https:\/\/api.w.org\/{rel}","templated":true}]}}